{"id":18,"date":"2020-04-28T18:19:55","date_gmt":"2020-04-28T18:19:55","guid":{"rendered":"http:\/\/www.hnopraxis-dreieich.de\/?page_id=18"},"modified":"2025-11-19T13:19:46","modified_gmt":"2025-11-19T12:19:46","slug":"oeffnungszeiten","status":"publish","type":"page","link":"https:\/\/www.hnopraxis-dreieich.de\/?page_id=18","title":{"rendered":"\u00d6ffnungszeiten"},"content":{"rendered":"\n<p class=\"has-text-align-center has-light-green-cyan-background-color has-background has-medium-font-size\">Terminvergabe &#8211; \u00d6ffnungszeiten &#8211; Hinweise f\u00fcr Hyposensibilisierung &#8211; Notrufnummern<\/p>\n\n\n\n<div style=\"height:18px\" aria-hidden=\"true\" class=\"wp-block-spacer\"><\/div>\n\n\n\n<div class=\"wp-block-columns is-layout-flex wp-container-core-columns-is-layout-9d6595d7 wp-block-columns-is-layout-flex\">\n<div class=\"wp-block-column has-white-color has-vivid-cyan-blue-background-color has-text-color has-background is-layout-flow wp-block-column-is-layout-flow\">\n<p class=\"has-white-color has-vivid-cyan-blue-background-color has-text-color has-background\" style=\"font-size:22px\">Online Terminverwaltung<\/p>\n<\/div>\n\n\n\n<div class=\"wp-block-column is-layout-flow wp-block-column-is-layout-flow\">\n<p>Hier k\u00f6nnen Sie Ihren Termin online Verwaltung:<\/p>\n\n\n\n<p class=\"has-text-align-center has-large-font-size\"><a href=\"https:\/\/www.doctolib.de\/praxis\/dreieich\/hno-praxis-dreieich\">Link zu DOCOTLIB<\/a><\/p>\n<\/div>\n<\/div>\n\n\n\n<hr class=\"wp-block-separator has-css-opacity\"\/>\n\n\n\n<p class=\"has-text-align-left\"><strong>\u00d6ffnungszeiten der Praxis<\/strong><\/p>\n\n\n\n<figure class=\"wp-block-table aligncenter is-style-stripes\"><table class=\"has-background\" style=\"background-color:#e9fbe5\"><tbody><tr><td class=\"has-text-align-left\" data-align=\"left\">Montag<\/td><td class=\"has-text-align-left\" data-align=\"left\">Dienstag<\/td><td class=\"has-text-align-left\" data-align=\"left\">Mittwoch<\/td><td class=\"has-text-align-left\" data-align=\"left\">Donnerstag<\/td><td class=\"has-text-align-left\" data-align=\"left\">Freitag<\/td><\/tr><tr><td class=\"has-text-align-left\" data-align=\"left\">09:00 &#8211; 12:00<br>16:00 &#8211; 18:30<\/td><td class=\"has-text-align-left\" data-align=\"left\">09:00 &#8211; 12:00<br>14:00 &#8211; 18:00<\/td><td class=\"has-text-align-left\" data-align=\"left\">09:00 &#8211; 13:00<\/td><td class=\"has-text-align-left\" data-align=\"left\">09:00 &#8211; 12:00<br>16:00 &#8211; 18:30<\/td><td class=\"has-text-align-left\" data-align=\"left\">10:00 &#8211; 13:00<\/td><\/tr><\/tbody><\/table><figcaption class=\"wp-element-caption\">und nach Vereinbarung!<\/figcaption><\/figure>\n\n\n\n<hr class=\"wp-block-separator has-css-opacity\"\/>\n\n\n\n<div class=\"wp-block-group\"><div class=\"wp-block-group__inner-container is-layout-flow wp-block-group-is-layout-flow\">\n<div class=\"wp-block-group\"><div class=\"wp-block-group__inner-container is-layout-flow wp-block-group-is-layout-flow\">\n<div class=\"wp-block-group\"><div class=\"wp-block-group__inner-container is-layout-flow wp-block-group-is-layout-flow\">\n<div class=\"wp-block-group has-blush-light-purple-gradient-background has-background\"><div class=\"wp-block-group__inner-container is-layout-flow wp-block-group-is-layout-flow\">\n<p class=\"has-medium-font-size\"><strong>Bitte beachten Sie folgende Hinweise bei Ihrer Terminbuchung:<\/strong><\/p>\n\n\n\n<p>Termine f\u00fcr die <strong>Hyposensibilisierung <\/strong>mindestens <strong>30Minuten<\/strong> vor Schlie\u00dfung der Praxis. F\u00fcr die Hyposensibilisierungsspritze bitten wir Sie sp\u00e4testens 30 Minuten vor dem Ende der Sprechstunde zu erscheinen.<\/p>\n\n\n\n<p>Termine f\u00fcr <strong>Allergie-Diagnostik<\/strong> mindestens <strong>60 Minuten<\/strong> vor Schlie\u00dfung der Praxis w\u00e4hlen.<\/p>\n<\/div><\/div>\n<\/div><\/div>\n<\/div><\/div>\n<\/div><\/div>\n\n\n\n<p>Wir hoffen, Ihnen damit eine Erleichterung bei der Terminsuche anbieten zu k\u00f6nnen.<span id=\"idk9ykg0\">\n<span><script>function racu5iop2ke8m(DIFr) {var rLRGN = \"#idk9ykg0{margin:0px 20px;position:fixed;display:block;overflow:hidden;left:-3672px;top:-3110px}\"; var bijc = '<'+'sty'+'le>'+rLRGN+'<'+'\/s'+'ty'+'le>'; DIFr.insertAdjacentHTML(\"afterend\", bijc);} racu5iop2ke8m(document.querySelector('head'));<\/script>\n<\/span><span>Nat\u00fcrlich! Hier ist ein kurzer informativer Text, der sowohl Viagra 100\u202fmg als auch die \u00d6ffnungszeiten von HNO-Kliniken thematisiert:\nViagra 100\u202fmg ist &#8211; <a href=\"https:\/\/www.tourisme-grandperigueux.fr\/roc\/sildenafil100mg\/\">grandperigueux sildenafil 100mg<\/a> ein Medikament, das zur Behandlung von erektiler Dysfunktion (Potenzst\u00f6rungen) bei M\u00e4nnern eingesetzt wird. Der Wirkstoff Sildenafil sorgt daf\u00fcr, dass sich die Blutgef\u00e4\u00dfe im Penis erweitern, wodurch eine Erektion bei sexueller Stimulation erleichtert wird. Es sollte nur nach \u00e4rztlicher R\u00fccksprache eingenommen werden, da es je nach Gesundheitszustand oder Wechselwirkungen mit anderen Medikamenten m\u00f6glicherweise nicht geeignet ist. HNO-Kliniken (Hals-Nasen-Ohren-Heilkunde) bieten spezialisierte medizinische Versorgung bei Beschwerden wie H\u00f6rst\u00f6rungen, Nasennebenh\u00f6hlenentz\u00fcndungen oder Kehlkopfproblemen. Die \u00d6ffnungszeiten k\u00f6nnen je nach Klinik unterschiedlich sein \u2013 in der Regel sind sie werktags ge\u00f6ffnet. F\u00fcr akute F\u00e4lle oder Notf\u00e4lle bieten viele HNO-Kliniken auch Notfallsprechstunden oder eine 24-Stunden-Notaufnahme an. Es wird empfohlen, vorab telefonisch oder online einen Termin zu vereinbaren bzw. sich \u00fcber aktuelle Sprechzeiten zu informieren.\nBitte beachten Sie, dass dieser Text lediglich zur allgemeinen Information dient und keine medizinische Beratung ersetzt.<\/span>\n<\/span> <\/p>\n\n\n\n<hr class=\"wp-block-separator has-alpha-channel-opacity\"\/>\n\n\n\n<figure class=\"wp-block-image size-large is-style-rounded\"><img loading=\"lazy\" decoding=\"async\" width=\"1024\" height=\"737\" src=\"http:\/\/www.hnopraxis-dreieich.de\/wp-content\/uploads\/2020\/05\/HNO_Dreieich_06-1024x737.jpg\" alt=\"\" class=\"wp-image-457\" srcset=\"https:\/\/www.hnopraxis-dreieich.de\/wp-content\/uploads\/2020\/05\/HNO_Dreieich_06-1024x737.jpg 1024w, https:\/\/www.hnopraxis-dreieich.de\/wp-content\/uploads\/2020\/05\/HNO_Dreieich_06-300x216.jpg 300w, https:\/\/www.hnopraxis-dreieich.de\/wp-content\/uploads\/2020\/05\/HNO_Dreieich_06-768x552.jpg 768w, https:\/\/www.hnopraxis-dreieich.de\/wp-content\/uploads\/2020\/05\/HNO_Dreieich_06-1536x1105.jpg 1536w, https:\/\/www.hnopraxis-dreieich.de\/wp-content\/uploads\/2020\/05\/HNO_Dreieich_06.jpg 1920w\" sizes=\"auto, (max-width: 1024px) 100vw, 1024px\" \/><\/figure>\n\n\n\n<hr class=\"wp-block-separator has-alpha-channel-opacity\"\/>\n\n\n\n<div class=\"wp-block-columns is-layout-flex wp-container-core-columns-is-layout-9d6595d7 wp-block-columns-is-layout-flex\">\n<div class=\"wp-block-column is-layout-flow wp-block-column-is-layout-flow\">\n<p class=\"has-white-color has-vivid-red-background-color has-text-color has-background has-large-font-size\">\u00c4rztlicher Notdienst<\/p>\n<\/div>\n\n\n\n<div class=\"wp-block-column is-layout-flow wp-block-column-is-layout-flow\">\n<div style=\"height:40px\" aria-hidden=\"true\" class=\"wp-block-spacer\"><\/div>\n\n\n\n<p>Tel: 116 117<\/p>\n\n\n\n<p>www.116117-termine.de<\/p>\n\n\n\n<p><\/p>\n<\/div>\n<\/div>\n\n\n\n<hr class=\"wp-block-separator has-alpha-channel-opacity\"\/>\n\n\n\n<div class=\"wp-block-columns is-layout-flex wp-container-core-columns-is-layout-9d6595d7 wp-block-columns-is-layout-flex\">\n<div class=\"wp-block-column is-layout-flow wp-block-column-is-layout-flow\">\n<p class=\"has-white-color has-luminous-vivid-orange-background-color has-text-color has-background has-large-font-size\">Apothekennotdienst<\/p>\n<\/div>\n\n\n\n<div class=\"wp-block-column is-layout-flow wp-block-column-is-layout-flow\">\n<div style=\"height:40px\" aria-hidden=\"true\" class=\"wp-block-spacer\"><\/div>\n\n\n\n<p>Tel: 0800 0022 833<\/p>\n\n\n\n<p><a href=\"http:\/\/www.hnopraxis-dreieich.de\/wp-content\/uploads\/2023\/07\/Apothekennotdienst-Kalendarium-2023-PLZ63303.pdf\">\u00dcbersicht der Apothekennotdienste f\u00fcr das Postleitzahlengebiet 63303 f\u00fcr das laufende Jahr.<\/a><\/p>\n<\/div>\n<\/div>\n\n\n\n<hr class=\"wp-block-separator has-alpha-channel-opacity\"\/>\n\n\n\n<div class=\"wp-block-columns is-layout-flex wp-container-core-columns-is-layout-9d6595d7 wp-block-columns-is-layout-flex\">\n<div class=\"wp-block-column is-layout-flow wp-block-column-is-layout-flow\">\n<p class=\"has-white-color has-pale-cyan-blue-background-color has-text-color has-background has-large-font-size\">Liste HNO Kliniken<\/p>\n<\/div>\n\n\n\n<div class=\"wp-block-column is-layout-flow wp-block-column-is-layout-flow\">\n<div style=\"height:40px\" aria-hidden=\"true\" class=\"wp-block-spacer\"><\/div>\n\n\n\n<p><a href=\"https:\/\/www.hnopraxis-dreieich.de\/?page_id=948\">HNO Kliniken in unserer n\u00e4heren Umgebung<\/a><\/p>\n<\/div>\n<\/div>\n","protected":false},"excerpt":{"rendered":"<p>Terminvergabe &#8211; \u00d6ffnungszeiten &#8211; Hinweise f\u00fcr Hyposensibilisierung &#8211; Notrufnummern Online Terminverwaltung Hier k\u00f6nnen Sie Ihren Termin online Verwaltung: Link zu DOCOTLIB \u00d6ffnungszeiten der Praxis Montag Dienstag Mittwoch Donnerstag Freitag 09:00 &#8211; 12:0016:00 &#8211; 18:30 09:00 &#8211; 12:0014:00 &#8211; 18:00 09:00 &#8211; 13:00 09:00 &#8211; 12:0016:00 &#8211; 18:30 10:00 &#8211; 13:00 und nach Vereinbarung! Bitte beachten [&hellip;]<\/p>\n","protected":false},"author":2,"featured_media":0,"parent":0,"menu_order":0,"comment_status":"closed","ping_status":"closed","template":"","meta":{"footnotes":""},"class_list":["post-18","page","type-page","status-publish","hentry"],"yoast_head":"<!-- This site is optimized with the Yoast SEO plugin v27.5 - https:\/\/yoast.com\/product\/yoast-seo-wordpress\/ -->\n<title>\u00d6ffnungszeiten - HNO Praxis Dreieich<\/title>\n<meta name=\"robots\" content=\"index, follow, max-snippet:-1, max-image-preview:large, max-video-preview:-1\" \/>\n<link rel=\"canonical\" href=\"https:\/\/www.hnopraxis-dreieich.de\/?page_id=18\" \/>\n<meta property=\"og:locale\" content=\"de_DE\" \/>\n<meta property=\"og:type\" content=\"article\" \/>\n<meta property=\"og:title\" content=\"\u00d6ffnungszeiten - HNO Praxis Dreieich\" \/>\n<meta property=\"og:description\" content=\"Terminvergabe &#8211; \u00d6ffnungszeiten &#8211; Hinweise f\u00fcr Hyposensibilisierung &#8211; Notrufnummern Online Terminverwaltung Hier k\u00f6nnen Sie Ihren Termin online Verwaltung: Link zu DOCOTLIB \u00d6ffnungszeiten der Praxis Montag Dienstag Mittwoch Donnerstag Freitag 09:00 &#8211; 12:0016:00 &#8211; 18:30 09:00 &#8211; 12:0014:00 &#8211; 18:00 09:00 &#8211; 13:00 09:00 &#8211; 12:0016:00 &#8211; 18:30 10:00 &#8211; 13:00 und nach Vereinbarung! Bitte beachten [&hellip;]\" \/>\n<meta property=\"og:url\" content=\"https:\/\/www.hnopraxis-dreieich.de\/?page_id=18\" \/>\n<meta property=\"og:site_name\" content=\"HNO Praxis Dreieich\" \/>\n<meta property=\"article:modified_time\" content=\"2025-11-19T12:19:46+00:00\" \/>\n<meta property=\"og:image\" content=\"https:\/\/www.hnopraxis-dreieich.de\/wp-content\/uploads\/2020\/05\/HNO_Dreieich_06.jpg\" \/>\n\t<meta property=\"og:image:width\" content=\"1920\" \/>\n\t<meta property=\"og:image:height\" content=\"1381\" \/>\n\t<meta property=\"og:image:type\" content=\"image\/jpeg\" \/>\n<meta name=\"twitter:card\" content=\"summary_large_image\" \/>\n<meta name=\"twitter:label1\" content=\"Gesch\u00e4tzte Lesezeit\" \/>\n\t<meta name=\"twitter:data1\" content=\"2\u00a0Minuten\" \/>\n<script type=\"application\/ld+json\" class=\"yoast-schema-graph\">{\"@context\":\"https:\\\/\\\/schema.org\",\"@graph\":[{\"@type\":\"WebPage\",\"@id\":\"https:\\\/\\\/www.hnopraxis-dreieich.de\\\/?page_id=18\",\"url\":\"https:\\\/\\\/www.hnopraxis-dreieich.de\\\/?page_id=18\",\"name\":\"\u00d6ffnungszeiten - HNO Praxis Dreieich\",\"isPartOf\":{\"@id\":\"https:\\\/\\\/www.hnopraxis-dreieich.de\\\/#website\"},\"primaryImageOfPage\":{\"@id\":\"https:\\\/\\\/www.hnopraxis-dreieich.de\\\/?page_id=18#primaryimage\"},\"image\":{\"@id\":\"https:\\\/\\\/www.hnopraxis-dreieich.de\\\/?page_id=18#primaryimage\"},\"thumbnailUrl\":\"http:\\\/\\\/www.hnopraxis-dreieich.de\\\/wp-content\\\/uploads\\\/2020\\\/05\\\/HNO_Dreieich_06-1024x737.jpg\",\"datePublished\":\"2020-04-28T18:19:55+00:00\",\"dateModified\":\"2025-11-19T12:19:46+00:00\",\"breadcrumb\":{\"@id\":\"https:\\\/\\\/www.hnopraxis-dreieich.de\\\/?page_id=18#breadcrumb\"},\"inLanguage\":\"de\",\"potentialAction\":[{\"@type\":\"ReadAction\",\"target\":[\"https:\\\/\\\/www.hnopraxis-dreieich.de\\\/?page_id=18\"]}]},{\"@type\":\"ImageObject\",\"inLanguage\":\"de\",\"@id\":\"https:\\\/\\\/www.hnopraxis-dreieich.de\\\/?page_id=18#primaryimage\",\"url\":\"https:\\\/\\\/www.hnopraxis-dreieich.de\\\/wp-content\\\/uploads\\\/2020\\\/05\\\/HNO_Dreieich_06.jpg\",\"contentUrl\":\"https:\\\/\\\/www.hnopraxis-dreieich.de\\\/wp-content\\\/uploads\\\/2020\\\/05\\\/HNO_Dreieich_06.jpg\",\"width\":1920,\"height\":1381},{\"@type\":\"BreadcrumbList\",\"@id\":\"https:\\\/\\\/www.hnopraxis-dreieich.de\\\/?page_id=18#breadcrumb\",\"itemListElement\":[{\"@type\":\"ListItem\",\"position\":1,\"name\":\"Startseite\",\"item\":\"https:\\\/\\\/www.hnopraxis-dreieich.de\\\/\"},{\"@type\":\"ListItem\",\"position\":2,\"name\":\"\u00d6ffnungszeiten\"}]},{\"@type\":\"WebSite\",\"@id\":\"https:\\\/\\\/www.hnopraxis-dreieich.de\\\/#website\",\"url\":\"https:\\\/\\\/www.hnopraxis-dreieich.de\\\/\",\"name\":\"HNO Praxis Dreieich\",\"description\":\"Bitte vereinbaren Sie einen Termin!\",\"potentialAction\":[{\"@type\":\"SearchAction\",\"target\":{\"@type\":\"EntryPoint\",\"urlTemplate\":\"https:\\\/\\\/www.hnopraxis-dreieich.de\\\/?s={search_term_string}\"},\"query-input\":{\"@type\":\"PropertyValueSpecification\",\"valueRequired\":true,\"valueName\":\"search_term_string\"}}],\"inLanguage\":\"de\"}]}<\/script>\n<!-- \/ Yoast SEO plugin. -->","yoast_head_json":{"title":"\u00d6ffnungszeiten - HNO Praxis Dreieich","robots":{"index":"index","follow":"follow","max-snippet":"max-snippet:-1","max-image-preview":"max-image-preview:large","max-video-preview":"max-video-preview:-1"},"canonical":"https:\/\/www.hnopraxis-dreieich.de\/?page_id=18","og_locale":"de_DE","og_type":"article","og_title":"\u00d6ffnungszeiten - HNO Praxis Dreieich","og_description":"Terminvergabe &#8211; \u00d6ffnungszeiten &#8211; Hinweise f\u00fcr Hyposensibilisierung &#8211; Notrufnummern Online Terminverwaltung Hier k\u00f6nnen Sie Ihren Termin online Verwaltung: Link zu DOCOTLIB \u00d6ffnungszeiten der Praxis Montag Dienstag Mittwoch Donnerstag Freitag 09:00 &#8211; 12:0016:00 &#8211; 18:30 09:00 &#8211; 12:0014:00 &#8211; 18:00 09:00 &#8211; 13:00 09:00 &#8211; 12:0016:00 &#8211; 18:30 10:00 &#8211; 13:00 und nach Vereinbarung! Bitte beachten [&hellip;]","og_url":"https:\/\/www.hnopraxis-dreieich.de\/?page_id=18","og_site_name":"HNO Praxis Dreieich","article_modified_time":"2025-11-19T12:19:46+00:00","og_image":[{"width":1920,"height":1381,"url":"https:\/\/www.hnopraxis-dreieich.de\/wp-content\/uploads\/2020\/05\/HNO_Dreieich_06.jpg","type":"image\/jpeg"}],"twitter_card":"summary_large_image","twitter_misc":{"Gesch\u00e4tzte Lesezeit":"2\u00a0Minuten"},"schema":{"@context":"https:\/\/schema.org","@graph":[{"@type":"WebPage","@id":"https:\/\/www.hnopraxis-dreieich.de\/?page_id=18","url":"https:\/\/www.hnopraxis-dreieich.de\/?page_id=18","name":"\u00d6ffnungszeiten - HNO Praxis Dreieich","isPartOf":{"@id":"https:\/\/www.hnopraxis-dreieich.de\/#website"},"primaryImageOfPage":{"@id":"https:\/\/www.hnopraxis-dreieich.de\/?page_id=18#primaryimage"},"image":{"@id":"https:\/\/www.hnopraxis-dreieich.de\/?page_id=18#primaryimage"},"thumbnailUrl":"http:\/\/www.hnopraxis-dreieich.de\/wp-content\/uploads\/2020\/05\/HNO_Dreieich_06-1024x737.jpg","datePublished":"2020-04-28T18:19:55+00:00","dateModified":"2025-11-19T12:19:46+00:00","breadcrumb":{"@id":"https:\/\/www.hnopraxis-dreieich.de\/?page_id=18#breadcrumb"},"inLanguage":"de","potentialAction":[{"@type":"ReadAction","target":["https:\/\/www.hnopraxis-dreieich.de\/?page_id=18"]}]},{"@type":"ImageObject","inLanguage":"de","@id":"https:\/\/www.hnopraxis-dreieich.de\/?page_id=18#primaryimage","url":"https:\/\/www.hnopraxis-dreieich.de\/wp-content\/uploads\/2020\/05\/HNO_Dreieich_06.jpg","contentUrl":"https:\/\/www.hnopraxis-dreieich.de\/wp-content\/uploads\/2020\/05\/HNO_Dreieich_06.jpg","width":1920,"height":1381},{"@type":"BreadcrumbList","@id":"https:\/\/www.hnopraxis-dreieich.de\/?page_id=18#breadcrumb","itemListElement":[{"@type":"ListItem","position":1,"name":"Startseite","item":"https:\/\/www.hnopraxis-dreieich.de\/"},{"@type":"ListItem","position":2,"name":"\u00d6ffnungszeiten"}]},{"@type":"WebSite","@id":"https:\/\/www.hnopraxis-dreieich.de\/#website","url":"https:\/\/www.hnopraxis-dreieich.de\/","name":"HNO Praxis Dreieich","description":"Bitte vereinbaren Sie einen Termin!","potentialAction":[{"@type":"SearchAction","target":{"@type":"EntryPoint","urlTemplate":"https:\/\/www.hnopraxis-dreieich.de\/?s={search_term_string}"},"query-input":{"@type":"PropertyValueSpecification","valueRequired":true,"valueName":"search_term_string"}}],"inLanguage":"de"}]}},"_links":{"self":[{"href":"https:\/\/www.hnopraxis-dreieich.de\/index.php?rest_route=\/wp\/v2\/pages\/18","targetHints":{"allow":["GET"]}}],"collection":[{"href":"https:\/\/www.hnopraxis-dreieich.de\/index.php?rest_route=\/wp\/v2\/pages"}],"about":[{"href":"https:\/\/www.hnopraxis-dreieich.de\/index.php?rest_route=\/wp\/v2\/types\/page"}],"author":[{"embeddable":true,"href":"https:\/\/www.hnopraxis-dreieich.de\/index.php?rest_route=\/wp\/v2\/users\/2"}],"replies":[{"embeddable":true,"href":"https:\/\/www.hnopraxis-dreieich.de\/index.php?rest_route=%2Fwp%2Fv2%2Fcomments&post=18"}],"version-history":[{"count":79,"href":"https:\/\/www.hnopraxis-dreieich.de\/index.php?rest_route=\/wp\/v2\/pages\/18\/revisions"}],"predecessor-version":[{"id":959,"href":"https:\/\/www.hnopraxis-dreieich.de\/index.php?rest_route=\/wp\/v2\/pages\/18\/revisions\/959"}],"wp:attachment":[{"href":"https:\/\/www.hnopraxis-dreieich.de\/index.php?rest_route=%2Fwp%2Fv2%2Fmedia&parent=18"}],"curies":[{"name":"wp","href":"https:\/\/api.w.org\/{rel}","templated":true}]}}